{"id":48,"date":"2026-01-20T13:09:30","date_gmt":"2026-01-20T12:09:30","guid":{"rendered":"https:\/\/lespapysprecieux.com\/?page_id=48"},"modified":"2026-02-21T13:33:02","modified_gmt":"2026-02-21T12:33:02","slug":"notre-histoire","status":"publish","type":"page","link":"https:\/\/lespapysprecieux.com\/index.php\/notre-histoire\/","title":{"rendered":"Notre histoire"},"content":{"rendered":"\n<div class=\"wp-block-columns alignwide is-layout-flex wp-container-core-columns-is-layout-0b577f17 wp-block-columns-is-layout-flex\" style=\"padding-top:0;padding-right:0;padding-bottom:0;padding-left:0\">\n<div class=\"wp-block-column is-vertically-aligned-center is-layout-flow wp-block-column-is-layout-flow\">\n<p class=\"has-text-align-left has-accent-color has-text-color has-link-color has-small-font-size wp-elements-9541104516f301ca5f8cd88d2e5d4347\" style=\"font-style:normal;font-weight:600;text-transform:uppercase\"><strong>LES PAPYS PR\u00c9CIEUX<\/strong><\/p>\n\n\n\n<p class=\"has-text-align-left\">Derri\u00e8re ce nom, <strong>deux amis passionn\u00e9s<\/strong> devenus associ\u00e9s. Malgr\u00e9 ce que vous pouvez penser, nous ne sommes pas si vieux que \u00e7a !<\/p>\n\n\n\n<p class=\"has-accent-color has-text-color has-link-color wp-elements-8505aa32a0372c4421fd45874935eca8\"><strong>Ce qui nous rassemble ?<\/strong><\/p>\n\n\n\n<p><strong>L&rsquo;amour des belles choses<\/strong>, <strong>le souci du d\u00e9tail<\/strong>&#8230; et cette petite touche qu&rsquo;on aime appeler le <strong>pr\u00e9cieux<\/strong>.<\/p>\n\n\n\n<p>D\u00e9sireux d&rsquo;offrir un lieu o\u00f9 chacun peut y trouver ce qu&rsquo;il aime ; <strong>restaurant<\/strong> pour les \u00e9picuriens culinaires, <strong>cocktails et tapas<\/strong> pour ceux qui souhaitent passer du bon temps, <strong>spectacles d&rsquo;humour, magie, concerts<\/strong>, etc. pour tous les curieux en qu\u00eate de <strong>fun<\/strong> et de <strong>nouveaut\u00e9<\/strong>.<\/p>\n\n\n\n<p>Nous avons donc d\u00e9cid\u00e9s d&rsquo;ouvrir notre restaurant concept-store, un <strong>lieu unique<\/strong> qui nous ressemble, entre <strong>g\u00e9n\u00e9rosit\u00e9<\/strong>, <strong>\u00e9l\u00e9gance<\/strong> et (beaucoup de) <strong>passion<\/strong>. En somme, un endroit qui a du <strong>caract\u00e8re<\/strong> !<\/p>\n<\/div>\n\n\n\n<div class=\"wp-block-column is-layout-flow wp-block-column-is-layout-flow\" style=\"flex-basis:40%\">\n<figure class=\"wp-block-image size-full has-custom-border is-style-default\"><img loading=\"lazy\" decoding=\"async\" width=\"1707\" height=\"2560\" src=\"https:\/\/lespapysprecieux.com\/wp-content\/uploads\/2026\/01\/IMG_4732-1-scaled.png\" alt=\"\" class=\"wp-image-742\" style=\"border-radius:8px;aspect-ratio:1;object-fit:cover\" srcset=\"https:\/\/lespapysprecieux.com\/wp-content\/uploads\/2026\/01\/IMG_4732-1-scaled.png 1707w, https:\/\/lespapysprecieux.com\/wp-content\/uploads\/2026\/01\/IMG_4732-1-200x300.png 200w, https:\/\/lespapysprecieux.com\/wp-content\/uploads\/2026\/01\/IMG_4732-1-683x1024.png 683w, https:\/\/lespapysprecieux.com\/wp-content\/uploads\/2026\/01\/IMG_4732-1-768x1152.png 768w, https:\/\/lespapysprecieux.com\/wp-content\/uploads\/2026\/01\/IMG_4732-1-1024x1536.png 1024w, https:\/\/lespapysprecieux.com\/wp-content\/uploads\/2026\/01\/IMG_4732-1-1365x2048.png 1365w\" sizes=\"auto, (max-width: 1707px) 100vw, 1707px\" \/><\/figure>\n<\/div>\n<\/div>\n\n\n\n<div style=\"height:50px\" aria-hidden=\"true\" class=\"wp-block-spacer\"><\/div>\n\n\n\n<div class=\"wp-block-group alignwide\"><div class=\"wp-block-group__inner-container is-layout-constrained wp-block-group-is-layout-constrained\">\n<h2 class=\"wp-block-heading has-text-align-center\">Nos Valeurs<\/h2>\n\n\n\n<p class=\"has-text-align-center\">Ce qui nous tient \u00e0 coeur.<\/p>\n\n\n\n<div class=\"wp-block-columns is-layout-flex wp-container-core-columns-is-layout-47c06fe3 wp-block-columns-is-layout-flex\">\n<div class=\"wp-block-column is-layout-flow wp-block-column-is-layout-flow\">\n<div class=\"wp-block-group has-background\" style=\"border-radius:8px;background-color:#f9f8f7;padding-top:32px;padding-right:32px;padding-bottom:32px;padding-left:32px\"><div class=\"wp-block-group__inner-container is-layout-constrained wp-container-core-group-is-layout-3432adc9 wp-block-group-is-layout-constrained\">\n<h3 class=\"wp-block-heading\">Authenticit\u00e9<\/h3>\n\n\n\n<p>Ici, on ne triche pas : des plats sinc\u00e8res, des go\u00fbts vrais, et une cuisine qui va \u00e0 l\u2019essentiel. On cuisine comme \u00e0 la maison, avec le c\u0153ur et le respect des traditions.<\/p>\n<\/div><\/div>\n<\/div>\n\n\n\n<div class=\"wp-block-column is-layout-flow wp-block-column-is-layout-flow\">\n<div class=\"wp-block-group has-white-color has-accent-background-color has-text-color has-background has-link-color wp-elements-ce9e1fa3715f5670436a52198d7b747f\" style=\"border-radius:8px;padding-top:32px;padding-right:32px;padding-bottom:32px;padding-left:32px\"><div class=\"wp-block-group__inner-container is-layout-constrained wp-container-core-group-is-layout-3432adc9 wp-block-group-is-layout-constrained\">\n<h3 class=\"wp-block-heading\">Bienveillance<\/h3>\n\n\n\n<p>Le restaurant est un lieu o\u00f9 l\u2019on se sent accueilli, \u00e9cout\u00e9 et attendu. Chaque client est re\u00e7u comme un invit\u00e9, avec attention, douceur et g\u00e9n\u00e9rosit\u00e9.<\/p>\n<\/div><\/div>\n<\/div>\n\n\n\n<div class=\"wp-block-column is-layout-flow wp-block-column-is-layout-flow\">\n<div class=\"wp-block-group has-background\" style=\"border-radius:8px;background-color:#f9f8f7;padding-top:32px;padding-right:32px;padding-bottom:32px;padding-left:32px\"><div class=\"wp-block-group__inner-container is-layout-constrained wp-container-core-group-is-layout-3432adc9 wp-block-group-is-layout-constrained\">\n<h3 class=\"wp-block-heading\">Convivialit\u00e9<\/h3>\n\n\n\n<p>Les Papys Pr\u00e9cieux, c\u2019est le plaisir d\u2019\u00eatre ensemble. On y partage des repas, des rires, des souvenirs, et ce petit moment hors du temps qui fait du bien.<\/p>\n<\/div><\/div>\n<\/div>\n<\/div>\n\n\n\n<div class=\"wp-block-columns is-layout-flex wp-container-core-columns-is-layout-47c06fe3 wp-block-columns-is-layout-flex\">\n<div class=\"wp-block-column is-layout-flow wp-block-column-is-layout-flow\">\n<div class=\"wp-block-group has-white-color has-accent-background-color has-text-color has-background has-link-color wp-elements-113821dca466d37a24be5aae93ad5206\" style=\"border-radius:8px;padding-top:32px;padding-right:32px;padding-bottom:32px;padding-left:32px\"><div class=\"wp-block-group__inner-container is-layout-constrained wp-container-core-group-is-layout-3432adc9 wp-block-group-is-layout-constrained\">\n<h3 class=\"wp-block-heading\">Respect<\/h3>\n\n\n\n<p>Respect des produits, des saisons, des personnes et du savoir-faire. Chaque ingr\u00e9dient est choisi avec soin, chaque geste compte, rien n\u2019est fait \u00e0 la l\u00e9g\u00e8re.<\/p>\n<\/div><\/div>\n<\/div>\n\n\n\n<div class=\"wp-block-column is-layout-flow wp-block-column-is-layout-flow\">\n<div class=\"wp-block-group has-background\" style=\"border-radius:8px;background-color:#f9f8f7;padding-top:32px;padding-right:32px;padding-bottom:32px;padding-left:32px\"><div class=\"wp-block-group__inner-container is-layout-constrained wp-container-core-group-is-layout-3432adc9 wp-block-group-is-layout-constrained\">\n<h3 class=\"wp-block-heading\">Gourmandise<\/h3>\n\n\n\n<p>Parce que bien manger, c\u2019est aussi se faire plaisir. Les plats sont g\u00e9n\u00e9reux, r\u00e9confortants, et pens\u00e9s pour r\u00e9veiller les souvenirs et cr\u00e9er de nouveaux moments de bonheur.<\/p>\n<\/div><\/div>\n<\/div>\n\n\n\n<div class=\"wp-block-column is-layout-flow wp-block-column-is-layout-flow\">\n<div class=\"wp-block-group has-white-color has-accent-background-color has-text-color has-background has-link-color wp-elements-9f23ad2b6b761afb2903f90380b98673\" style=\"border-radius:8px;padding-top:32px;padding-right:32px;padding-bottom:32px;padding-left:32px\"><div class=\"wp-block-group__inner-container is-layout-constrained wp-container-core-group-is-layout-3432adc9 wp-block-group-is-layout-constrained\">\n<h3 class=\"wp-block-heading\">Passion<\/h3>\n\n\n\n<p>Chez Les Papys Pr\u00e9cieux, chaque recette raconte une histoire. Celles d\u2019hier sont transmises avec amour pour r\u00e9galer aujourd\u2019hui, comme un h\u00e9ritage culinaire partag\u00e9 autour de la table.<\/p>\n<\/div><\/div>\n<\/div>\n<\/div>\n\n\n\n<div style=\"height:50px\" aria-hidden=\"true\" class=\"wp-block-spacer\"><\/div>\n<\/div><\/div>\n","protected":false},"excerpt":{"rendered":"<p>LES PAPYS PR\u00c9CIEUX Derri\u00e8re ce nom, deux amis passionn\u00e9s devenus associ\u00e9s. Malgr\u00e9 ce que vous pouvez penser, nous ne sommes pas si vieux que \u00e7a ! Ce qui nous rassemble ? L&rsquo;amour des belles choses, le souci du d\u00e9tail&#8230; et cette petite touche qu&rsquo;on aime appeler le pr\u00e9cieux. D\u00e9sireux d&rsquo;offrir [&hellip;]<\/p>\n","protected":false},"author":1,"featured_media":0,"parent":0,"menu_order":0,"comment_status":"closed","ping_status":"closed","template":"","meta":{"footnotes":""},"class_list":["post-48","page","type-page","status-publish","hentry"],"yoast_head":"<!-- This site is optimized with the Yoast SEO plugin v27.3 - https:\/\/yoast.com\/product\/yoast-seo-wordpress\/ -->\n<title>Notre histoire -<\/title>\n<meta name=\"description\" content=\"Histoire restaurant Saint-Avertin : d\u00e9couvrez l\u2019origine et le concept des Papys Pr\u00e9cieux, lieu convivial et \u00e9v\u00e9nementiel pr\u00e8s de Tours.\" \/>\n<meta name=\"robots\" content=\"index, follow, max-snippet:-1, max-image-preview:large, max-video-preview:-1\" \/>\n<link rel=\"canonical\" href=\"https:\/\/lespapysprecieux.com\/index.php\/notre-histoire\/\" \/>\n<meta property=\"og:locale\" content=\"fr_FR\" \/>\n<meta property=\"og:type\" content=\"article\" \/>\n<meta property=\"og:title\" content=\"Notre histoire -\" \/>\n<meta property=\"og:description\" content=\"Histoire restaurant Saint-Avertin : d\u00e9couvrez l\u2019origine et le concept des Papys Pr\u00e9cieux, lieu convivial et \u00e9v\u00e9nementiel pr\u00e8s de Tours.\" \/>\n<meta property=\"og:url\" content=\"https:\/\/lespapysprecieux.com\/index.php\/notre-histoire\/\" \/>\n<meta property=\"article:publisher\" content=\"https:\/\/www.facebook.com\/profile.php?id=61575708312964\" \/>\n<meta property=\"article:modified_time\" content=\"2026-02-21T12:33:02+00:00\" \/>\n<meta property=\"og:image\" content=\"https:\/\/lespapysprecieux.com\/wp-content\/uploads\/2026\/01\/IMG_4732-1-683x1024.png\" \/>\n\t<meta property=\"og:image:width\" content=\"683\" \/>\n\t<meta property=\"og:image:height\" content=\"1024\" \/>\n\t<meta property=\"og:image:type\" content=\"image\/png\" \/>\n<meta name=\"twitter:card\" content=\"summary_large_image\" \/>\n<meta name=\"twitter:label1\" content=\"Dur\u00e9e de lecture estim\u00e9e\" \/>\n\t<meta name=\"twitter:data1\" content=\"2 minutes\" \/>\n<script type=\"application\/ld+json\" class=\"yoast-schema-graph\">{\"@context\":\"https:\\\/\\\/schema.org\",\"@graph\":[{\"@type\":\"WebPage\",\"@id\":\"https:\\\/\\\/lespapysprecieux.com\\\/index.php\\\/notre-histoire\\\/\",\"url\":\"https:\\\/\\\/lespapysprecieux.com\\\/index.php\\\/notre-histoire\\\/\",\"name\":\"Notre histoire -\",\"isPartOf\":{\"@id\":\"https:\\\/\\\/lespapysprecieux.com\\\/#website\"},\"primaryImageOfPage\":{\"@id\":\"https:\\\/\\\/lespapysprecieux.com\\\/index.php\\\/notre-histoire\\\/#primaryimage\"},\"image\":{\"@id\":\"https:\\\/\\\/lespapysprecieux.com\\\/index.php\\\/notre-histoire\\\/#primaryimage\"},\"thumbnailUrl\":\"https:\\\/\\\/lespapysprecieux.com\\\/wp-content\\\/uploads\\\/2026\\\/01\\\/IMG_4732-1-scaled.png\",\"datePublished\":\"2026-01-20T12:09:30+00:00\",\"dateModified\":\"2026-02-21T12:33:02+00:00\",\"description\":\"Histoire restaurant Saint-Avertin : d\u00e9couvrez l\u2019origine et le concept des Papys Pr\u00e9cieux, lieu convivial et \u00e9v\u00e9nementiel pr\u00e8s de Tours.\",\"breadcrumb\":{\"@id\":\"https:\\\/\\\/lespapysprecieux.com\\\/index.php\\\/notre-histoire\\\/#breadcrumb\"},\"inLanguage\":\"fr-FR\",\"potentialAction\":[{\"@type\":\"ReadAction\",\"target\":[\"https:\\\/\\\/lespapysprecieux.com\\\/index.php\\\/notre-histoire\\\/\"]}]},{\"@type\":\"ImageObject\",\"inLanguage\":\"fr-FR\",\"@id\":\"https:\\\/\\\/lespapysprecieux.com\\\/index.php\\\/notre-histoire\\\/#primaryimage\",\"url\":\"https:\\\/\\\/lespapysprecieux.com\\\/wp-content\\\/uploads\\\/2026\\\/01\\\/IMG_4732-1-scaled.png\",\"contentUrl\":\"https:\\\/\\\/lespapysprecieux.com\\\/wp-content\\\/uploads\\\/2026\\\/01\\\/IMG_4732-1-scaled.png\",\"width\":1707,\"height\":2560},{\"@type\":\"BreadcrumbList\",\"@id\":\"https:\\\/\\\/lespapysprecieux.com\\\/index.php\\\/notre-histoire\\\/#breadcrumb\",\"itemListElement\":[{\"@type\":\"ListItem\",\"position\":1,\"name\":\"Accueil\",\"item\":\"https:\\\/\\\/lespapysprecieux.com\\\/\"},{\"@type\":\"ListItem\",\"position\":2,\"name\":\"Notre histoire\"}]},{\"@type\":\"WebSite\",\"@id\":\"https:\\\/\\\/lespapysprecieux.com\\\/#website\",\"url\":\"https:\\\/\\\/lespapysprecieux.com\\\/\",\"name\":\"Les Papys Pr\u00e9cieux\",\"description\":\"Une table sinc\u00e8re, un lieu vivant\",\"publisher\":{\"@id\":\"https:\\\/\\\/lespapysprecieux.com\\\/#organization\"},\"potentialAction\":[{\"@type\":\"SearchAction\",\"target\":{\"@type\":\"EntryPoint\",\"urlTemplate\":\"https:\\\/\\\/lespapysprecieux.com\\\/?s={search_term_string}\"},\"query-input\":{\"@type\":\"PropertyValueSpecification\",\"valueRequired\":true,\"valueName\":\"search_term_string\"}}],\"inLanguage\":\"fr-FR\"},{\"@type\":\"Organization\",\"@id\":\"https:\\\/\\\/lespapysprecieux.com\\\/#organization\",\"name\":\"Les Papys Pr\u00e9cieux\",\"url\":\"https:\\\/\\\/lespapysprecieux.com\\\/\",\"logo\":{\"@type\":\"ImageObject\",\"inLanguage\":\"fr-FR\",\"@id\":\"https:\\\/\\\/lespapysprecieux.com\\\/#\\\/schema\\\/logo\\\/image\\\/\",\"url\":\"https:\\\/\\\/lespapysprecieux.com\\\/wp-content\\\/uploads\\\/2026\\\/01\\\/cropped-logo-icone-site.png\",\"contentUrl\":\"https:\\\/\\\/lespapysprecieux.com\\\/wp-content\\\/uploads\\\/2026\\\/01\\\/cropped-logo-icone-site.png\",\"width\":512,\"height\":512,\"caption\":\"Les Papys Pr\u00e9cieux\"},\"image\":{\"@id\":\"https:\\\/\\\/lespapysprecieux.com\\\/#\\\/schema\\\/logo\\\/image\\\/\"},\"sameAs\":[\"https:\\\/\\\/www.facebook.com\\\/profile.php?id=61575708312964\",\"https:\\\/\\\/www.instagram.com\\\/lespapysprecieux\\\/\"]}]}<\/script>\n<!-- \/ Yoast SEO plugin. -->","yoast_head_json":{"title":"Notre histoire -","description":"Histoire restaurant Saint-Avertin : d\u00e9couvrez l\u2019origine et le concept des Papys Pr\u00e9cieux, lieu convivial et \u00e9v\u00e9nementiel pr\u00e8s de Tours.","robots":{"index":"index","follow":"follow","max-snippet":"max-snippet:-1","max-image-preview":"max-image-preview:large","max-video-preview":"max-video-preview:-1"},"canonical":"https:\/\/lespapysprecieux.com\/index.php\/notre-histoire\/","og_locale":"fr_FR","og_type":"article","og_title":"Notre histoire -","og_description":"Histoire restaurant Saint-Avertin : d\u00e9couvrez l\u2019origine et le concept des Papys Pr\u00e9cieux, lieu convivial et \u00e9v\u00e9nementiel pr\u00e8s de Tours.","og_url":"https:\/\/lespapysprecieux.com\/index.php\/notre-histoire\/","article_publisher":"https:\/\/www.facebook.com\/profile.php?id=61575708312964","article_modified_time":"2026-02-21T12:33:02+00:00","og_image":[{"width":683,"height":1024,"url":"https:\/\/lespapysprecieux.com\/wp-content\/uploads\/2026\/01\/IMG_4732-1-683x1024.png","type":"image\/png"}],"twitter_card":"summary_large_image","twitter_misc":{"Dur\u00e9e de lecture estim\u00e9e":"2 minutes"},"schema":{"@context":"https:\/\/schema.org","@graph":[{"@type":"WebPage","@id":"https:\/\/lespapysprecieux.com\/index.php\/notre-histoire\/","url":"https:\/\/lespapysprecieux.com\/index.php\/notre-histoire\/","name":"Notre histoire -","isPartOf":{"@id":"https:\/\/lespapysprecieux.com\/#website"},"primaryImageOfPage":{"@id":"https:\/\/lespapysprecieux.com\/index.php\/notre-histoire\/#primaryimage"},"image":{"@id":"https:\/\/lespapysprecieux.com\/index.php\/notre-histoire\/#primaryimage"},"thumbnailUrl":"https:\/\/lespapysprecieux.com\/wp-content\/uploads\/2026\/01\/IMG_4732-1-scaled.png","datePublished":"2026-01-20T12:09:30+00:00","dateModified":"2026-02-21T12:33:02+00:00","description":"Histoire restaurant Saint-Avertin : d\u00e9couvrez l\u2019origine et le concept des Papys Pr\u00e9cieux, lieu convivial et \u00e9v\u00e9nementiel pr\u00e8s de Tours.","breadcrumb":{"@id":"https:\/\/lespapysprecieux.com\/index.php\/notre-histoire\/#breadcrumb"},"inLanguage":"fr-FR","potentialAction":[{"@type":"ReadAction","target":["https:\/\/lespapysprecieux.com\/index.php\/notre-histoire\/"]}]},{"@type":"ImageObject","inLanguage":"fr-FR","@id":"https:\/\/lespapysprecieux.com\/index.php\/notre-histoire\/#primaryimage","url":"https:\/\/lespapysprecieux.com\/wp-content\/uploads\/2026\/01\/IMG_4732-1-scaled.png","contentUrl":"https:\/\/lespapysprecieux.com\/wp-content\/uploads\/2026\/01\/IMG_4732-1-scaled.png","width":1707,"height":2560},{"@type":"BreadcrumbList","@id":"https:\/\/lespapysprecieux.com\/index.php\/notre-histoire\/#breadcrumb","itemListElement":[{"@type":"ListItem","position":1,"name":"Accueil","item":"https:\/\/lespapysprecieux.com\/"},{"@type":"ListItem","position":2,"name":"Notre histoire"}]},{"@type":"WebSite","@id":"https:\/\/lespapysprecieux.com\/#website","url":"https:\/\/lespapysprecieux.com\/","name":"Les Papys Pr\u00e9cieux","description":"Une table sinc\u00e8re, un lieu vivant","publisher":{"@id":"https:\/\/lespapysprecieux.com\/#organization"},"potentialAction":[{"@type":"SearchAction","target":{"@type":"EntryPoint","urlTemplate":"https:\/\/lespapysprecieux.com\/?s={search_term_string}"},"query-input":{"@type":"PropertyValueSpecification","valueRequired":true,"valueName":"search_term_string"}}],"inLanguage":"fr-FR"},{"@type":"Organization","@id":"https:\/\/lespapysprecieux.com\/#organization","name":"Les Papys Pr\u00e9cieux","url":"https:\/\/lespapysprecieux.com\/","logo":{"@type":"ImageObject","inLanguage":"fr-FR","@id":"https:\/\/lespapysprecieux.com\/#\/schema\/logo\/image\/","url":"https:\/\/lespapysprecieux.com\/wp-content\/uploads\/2026\/01\/cropped-logo-icone-site.png","contentUrl":"https:\/\/lespapysprecieux.com\/wp-content\/uploads\/2026\/01\/cropped-logo-icone-site.png","width":512,"height":512,"caption":"Les Papys Pr\u00e9cieux"},"image":{"@id":"https:\/\/lespapysprecieux.com\/#\/schema\/logo\/image\/"},"sameAs":["https:\/\/www.facebook.com\/profile.php?id=61575708312964","https:\/\/www.instagram.com\/lespapysprecieux\/"]}]}},"_links":{"self":[{"href":"https:\/\/lespapysprecieux.com\/index.php\/wp-json\/wp\/v2\/pages\/48","targetHints":{"allow":["GET"]}}],"collection":[{"href":"https:\/\/lespapysprecieux.com\/index.php\/wp-json\/wp\/v2\/pages"}],"about":[{"href":"https:\/\/lespapysprecieux.com\/index.php\/wp-json\/wp\/v2\/types\/page"}],"author":[{"embeddable":true,"href":"https:\/\/lespapysprecieux.com\/index.php\/wp-json\/wp\/v2\/users\/1"}],"replies":[{"embeddable":true,"href":"https:\/\/lespapysprecieux.com\/index.php\/wp-json\/wp\/v2\/comments?post=48"}],"version-history":[{"count":42,"href":"https:\/\/lespapysprecieux.com\/index.php\/wp-json\/wp\/v2\/pages\/48\/revisions"}],"predecessor-version":[{"id":957,"href":"https:\/\/lespapysprecieux.com\/index.php\/wp-json\/wp\/v2\/pages\/48\/revisions\/957"}],"wp:attachment":[{"href":"https:\/\/lespapysprecieux.com\/index.php\/wp-json\/wp\/v2\/media?parent=48"}],"curies":[{"name":"wp","href":"https:\/\/api.w.org\/{rel}","templated":true}]}}