{"id":50,"date":"2026-01-20T13:10:08","date_gmt":"2026-01-20T12:10:08","guid":{"rendered":"https:\/\/lespapysprecieux.com\/?page_id=50"},"modified":"2026-02-21T13:34:10","modified_gmt":"2026-02-21T12:34:10","slug":"contact","status":"publish","type":"page","link":"https:\/\/lespapysprecieux.com\/index.php\/contact\/","title":{"rendered":"Contact"},"content":{"rendered":"\n<p class=\"has-text-align-center has-accent-background-color has-background has-medium-font-size\" style=\"border-top-left-radius:100px;border-top-right-radius:100px;border-bottom-left-radius:100px;border-bottom-right-radius:100px;padding-top:var(--wp--preset--spacing--50);padding-right:var(--wp--preset--spacing--50);padding-bottom:var(--wp--preset--spacing--50);padding-left:var(--wp--preset--spacing--50)\"><strong>Restauration<\/strong><\/p>\n\n\n\n<div style=\"height:50px\" aria-hidden=\"true\" class=\"wp-block-spacer\"><\/div>\n\n\n\n<p>Pour toute question li\u00e9e au&nbsp;<strong>restaurant<\/strong>, aux&nbsp;<strong>r\u00e9servations<\/strong>, aux&nbsp;<strong>menus<\/strong>, ou aux&nbsp;<strong>exp\u00e9riences propos\u00e9es sur place<\/strong>, contactez&nbsp;<strong>Stevens<\/strong>.<\/p>\n\n\n\n<p><strong>Stevens COGNARD<\/strong><br>\ud83d\udce7 Email :\u00a0<em><a href=\"mailto:stevens@lespapysprecieux.com\" target=\"_blank\" rel=\"noreferrer noopener\">stevens@lespapysprecieux.com<\/a><\/em><br>\ud83d\udcde T\u00e9l\u00e9phone :\u00a0<em><a href=\"tel:+33603288378\" target=\"_blank\" rel=\"noreferrer noopener\">06 03 28 83 78<\/a><\/em><\/p>\n\n\n\n<div style=\"height:50px\" aria-hidden=\"true\" class=\"wp-block-spacer\"><\/div>\n\n\n\n<p class=\"has-text-align-center has-accent-background-color has-background has-medium-font-size\" style=\"border-top-left-radius:100px;border-top-right-radius:100px;border-bottom-left-radius:100px;border-bottom-right-radius:100px;padding-top:var(--wp--preset--spacing--50);padding-right:var(--wp--preset--spacing--50);padding-bottom:var(--wp--preset--spacing--50);padding-left:var(--wp--preset--spacing--50)\"><strong>Artistes, spectacles et divertissement<\/strong><\/p>\n\n\n\n<div style=\"height:50px\" aria-hidden=\"true\" class=\"wp-block-spacer\"><\/div>\n\n\n\n<p>Pour les demandes concernant les&nbsp;<strong>artistes<\/strong>&nbsp;et&nbsp;<strong>animations<\/strong> (magie, stand-up, concerts, performances live, collaborations artistiques), contactez&nbsp;<strong>C\u00e9dric<\/strong>.<\/p>\n\n\n\n<p><strong>C\u00e9dric DROUET<\/strong><br>\ud83d\udce7 Email :&nbsp;<em><a href=\"mailto:cedric@lespapysprecieux.com\" target=\"_blank\" rel=\"noreferrer noopener\">cedric@lespapysprecieux.com<\/a><\/em><br>\ud83d\udcde T\u00e9l\u00e9phone :&nbsp;<em><a href=\"tel:+33603288378\">06 03 28 83 78<\/a><\/em><\/p>\n\n\n\n<div style=\"height:50px\" aria-hidden=\"true\" class=\"wp-block-spacer\"><\/div>\n\n\n\n<p class=\"has-text-align-center has-accent-background-color has-background has-medium-font-size\" style=\"border-top-left-radius:100px;border-top-right-radius:100px;border-bottom-left-radius:100px;border-bottom-right-radius:100px;padding-top:var(--wp--preset--spacing--50);padding-right:var(--wp--preset--spacing--50);padding-bottom:var(--wp--preset--spacing--50);padding-left:var(--wp--preset--spacing--50)\"><strong>Privatisation, s\u00e9minaires et \u00e9v\u00e8nements priv\u00e9s<\/strong><\/p>\n\n\n\n<div style=\"height:50px\" aria-hidden=\"true\" class=\"wp-block-spacer\"><\/div>\n\n\n\n<p>Vous souhaitez&nbsp;<strong>privatiser le lieu<\/strong>&nbsp;pour un \u00e9v\u00e9nement <strong>professionnel<\/strong> ou <strong>priv\u00e9<\/strong> (soir\u00e9e d\u2019entreprise, s\u00e9minaire, anniversaire, lancement, c\u00e9l\u00e9bration, \u00e9v\u00e9nement sur mesure) ?<\/p>\n\n\n\n<p><strong>Vous pouvez contacter indiff\u00e9remment Stevens COGNARD ou C\u00e9dric DROUET<\/strong>.<br>Ils vous accompagneront pour construire un <strong>\u00e9v\u00e9nement \u00e0 votre image<\/strong>.<\/p>\n\n\n\n<div style=\"height:50px\" aria-hidden=\"true\" class=\"wp-block-spacer\"><\/div>\n\n\n\n<p class=\"has-text-align-center has-accent-background-color has-background has-medium-font-size\" style=\"border-top-left-radius:100px;border-top-right-radius:100px;border-bottom-left-radius:100px;border-bottom-right-radius:100px;padding-top:var(--wp--preset--spacing--50);padding-right:var(--wp--preset--spacing--50);padding-bottom:var(--wp--preset--spacing--50);padding-left:var(--wp--preset--spacing--50)\"><strong>Informations utiles \u00e0 pr\u00e9voir dans votre message<\/strong><\/p>\n\n\n\n<div style=\"height:50px\" aria-hidden=\"true\" class=\"wp-block-spacer\"><\/div>\n\n\n\n<p>Pour nous permettre de vous r\u00e9pondre au mieux, pensez \u00e0 pr\u00e9ciser :<\/p>\n\n\n\n<ul class=\"wp-block-list\">\n<li>Le&nbsp;<strong>type de demande<\/strong>&nbsp;(restaurant, artiste, privatisation)<\/li>\n\n\n\n<li>La&nbsp;<strong>date souhait\u00e9e<\/strong><\/li>\n\n\n\n<li>Le&nbsp;<strong>nombre de personnes<\/strong><\/li>\n\n\n\n<li>Vos&nbsp;<strong>coordonn\u00e9es<\/strong><\/li>\n\n\n\n<li>Toute&nbsp;<strong>id\u00e9e ou contrainte particuli\u00e8re<\/strong><\/li>\n<\/ul>\n\n\n\n<div style=\"height:50px\" aria-hidden=\"true\" class=\"wp-block-spacer\"><\/div>\n\n\n\n<div style=\"height:50px\" aria-hidden=\"true\" class=\"wp-block-spacer\"><\/div>\n","protected":false},"excerpt":{"rendered":"<p>Restauration Pour toute question li\u00e9e au&nbsp;restaurant, aux&nbsp;r\u00e9servations, aux&nbsp;menus, ou aux&nbsp;exp\u00e9riences propos\u00e9es sur place, contactez&nbsp;Stevens. Stevens COGNARD\ud83d\udce7 Email :\u00a0stevens@lespapysprecieux.com\ud83d\udcde T\u00e9l\u00e9phone :\u00a006 03 28 83 78 Artistes, spectacles et divertissement Pour les demandes concernant les&nbsp;artistes&nbsp;et&nbsp;animations (magie, stand-up, concerts, performances live, collaborations artistiques), contactez&nbsp;C\u00e9dric. C\u00e9dric DROUET\ud83d\udce7 Email :&nbsp;cedric@lespapysprecieux.com\ud83d\udcde T\u00e9l\u00e9phone :&nbsp;06 03 28 83 [&hellip;]<\/p>\n","protected":false},"author":1,"featured_media":0,"parent":0,"menu_order":0,"comment_status":"closed","ping_status":"closed","template":"","meta":{"footnotes":""},"class_list":["post-50","page","type-page","status-publish","hentry"],"yoast_head":"<!-- This site is optimized with the Yoast SEO plugin v27.3 - https:\/\/yoast.com\/product\/yoast-seo-wordpress\/ -->\n<title>Contact -<\/title>\n<meta name=\"description\" content=\"Contact restaurant Saint-Avertin : r\u00e9servations, privatisation et informations pour Les Papys Pr\u00e9cieux pr\u00e8s de Tours.\" \/>\n<meta name=\"robots\" content=\"index, follow, max-snippet:-1, max-image-preview:large, max-video-preview:-1\" \/>\n<link rel=\"canonical\" href=\"https:\/\/lespapysprecieux.com\/index.php\/contact\/\" \/>\n<meta property=\"og:locale\" content=\"fr_FR\" \/>\n<meta property=\"og:type\" content=\"article\" \/>\n<meta property=\"og:title\" content=\"Contact -\" \/>\n<meta property=\"og:description\" content=\"Contact restaurant Saint-Avertin : r\u00e9servations, privatisation et informations pour Les Papys Pr\u00e9cieux pr\u00e8s de Tours.\" \/>\n<meta property=\"og:url\" content=\"https:\/\/lespapysprecieux.com\/index.php\/contact\/\" \/>\n<meta property=\"article:publisher\" content=\"https:\/\/www.facebook.com\/profile.php?id=61575708312964\" \/>\n<meta property=\"article:modified_time\" content=\"2026-02-21T12:34:10+00:00\" \/>\n<meta name=\"twitter:card\" content=\"summary_large_image\" \/>\n<meta name=\"twitter:label1\" content=\"Dur\u00e9e de lecture estim\u00e9e\" \/>\n\t<meta name=\"twitter:data1\" content=\"1 minute\" \/>\n<script type=\"application\/ld+json\" class=\"yoast-schema-graph\">{\"@context\":\"https:\\\/\\\/schema.org\",\"@graph\":[{\"@type\":\"WebPage\",\"@id\":\"https:\\\/\\\/lespapysprecieux.com\\\/index.php\\\/contact\\\/\",\"url\":\"https:\\\/\\\/lespapysprecieux.com\\\/index.php\\\/contact\\\/\",\"name\":\"Contact -\",\"isPartOf\":{\"@id\":\"https:\\\/\\\/lespapysprecieux.com\\\/#website\"},\"datePublished\":\"2026-01-20T12:10:08+00:00\",\"dateModified\":\"2026-02-21T12:34:10+00:00\",\"description\":\"Contact restaurant Saint-Avertin : r\u00e9servations, privatisation et informations pour Les Papys Pr\u00e9cieux pr\u00e8s de Tours.\",\"breadcrumb\":{\"@id\":\"https:\\\/\\\/lespapysprecieux.com\\\/index.php\\\/contact\\\/#breadcrumb\"},\"inLanguage\":\"fr-FR\",\"potentialAction\":[{\"@type\":\"ReadAction\",\"target\":[\"https:\\\/\\\/lespapysprecieux.com\\\/index.php\\\/contact\\\/\"]}]},{\"@type\":\"BreadcrumbList\",\"@id\":\"https:\\\/\\\/lespapysprecieux.com\\\/index.php\\\/contact\\\/#breadcrumb\",\"itemListElement\":[{\"@type\":\"ListItem\",\"position\":1,\"name\":\"Accueil\",\"item\":\"https:\\\/\\\/lespapysprecieux.com\\\/\"},{\"@type\":\"ListItem\",\"position\":2,\"name\":\"Contact\"}]},{\"@type\":\"WebSite\",\"@id\":\"https:\\\/\\\/lespapysprecieux.com\\\/#website\",\"url\":\"https:\\\/\\\/lespapysprecieux.com\\\/\",\"name\":\"Les Papys Pr\u00e9cieux\",\"description\":\"Une table sinc\u00e8re, un lieu vivant\",\"publisher\":{\"@id\":\"https:\\\/\\\/lespapysprecieux.com\\\/#organization\"},\"potentialAction\":[{\"@type\":\"SearchAction\",\"target\":{\"@type\":\"EntryPoint\",\"urlTemplate\":\"https:\\\/\\\/lespapysprecieux.com\\\/?s={search_term_string}\"},\"query-input\":{\"@type\":\"PropertyValueSpecification\",\"valueRequired\":true,\"valueName\":\"search_term_string\"}}],\"inLanguage\":\"fr-FR\"},{\"@type\":\"Organization\",\"@id\":\"https:\\\/\\\/lespapysprecieux.com\\\/#organization\",\"name\":\"Les Papys Pr\u00e9cieux\",\"url\":\"https:\\\/\\\/lespapysprecieux.com\\\/\",\"logo\":{\"@type\":\"ImageObject\",\"inLanguage\":\"fr-FR\",\"@id\":\"https:\\\/\\\/lespapysprecieux.com\\\/#\\\/schema\\\/logo\\\/image\\\/\",\"url\":\"https:\\\/\\\/lespapysprecieux.com\\\/wp-content\\\/uploads\\\/2026\\\/01\\\/cropped-logo-icone-site.png\",\"contentUrl\":\"https:\\\/\\\/lespapysprecieux.com\\\/wp-content\\\/uploads\\\/2026\\\/01\\\/cropped-logo-icone-site.png\",\"width\":512,\"height\":512,\"caption\":\"Les Papys Pr\u00e9cieux\"},\"image\":{\"@id\":\"https:\\\/\\\/lespapysprecieux.com\\\/#\\\/schema\\\/logo\\\/image\\\/\"},\"sameAs\":[\"https:\\\/\\\/www.facebook.com\\\/profile.php?id=61575708312964\",\"https:\\\/\\\/www.instagram.com\\\/lespapysprecieux\\\/\"]}]}<\/script>\n<!-- \/ Yoast SEO plugin. -->","yoast_head_json":{"title":"Contact -","description":"Contact restaurant Saint-Avertin : r\u00e9servations, privatisation et informations pour Les Papys Pr\u00e9cieux pr\u00e8s de Tours.","robots":{"index":"index","follow":"follow","max-snippet":"max-snippet:-1","max-image-preview":"max-image-preview:large","max-video-preview":"max-video-preview:-1"},"canonical":"https:\/\/lespapysprecieux.com\/index.php\/contact\/","og_locale":"fr_FR","og_type":"article","og_title":"Contact -","og_description":"Contact restaurant Saint-Avertin : r\u00e9servations, privatisation et informations pour Les Papys Pr\u00e9cieux pr\u00e8s de Tours.","og_url":"https:\/\/lespapysprecieux.com\/index.php\/contact\/","article_publisher":"https:\/\/www.facebook.com\/profile.php?id=61575708312964","article_modified_time":"2026-02-21T12:34:10+00:00","twitter_card":"summary_large_image","twitter_misc":{"Dur\u00e9e de lecture estim\u00e9e":"1 minute"},"schema":{"@context":"https:\/\/schema.org","@graph":[{"@type":"WebPage","@id":"https:\/\/lespapysprecieux.com\/index.php\/contact\/","url":"https:\/\/lespapysprecieux.com\/index.php\/contact\/","name":"Contact -","isPartOf":{"@id":"https:\/\/lespapysprecieux.com\/#website"},"datePublished":"2026-01-20T12:10:08+00:00","dateModified":"2026-02-21T12:34:10+00:00","description":"Contact restaurant Saint-Avertin : r\u00e9servations, privatisation et informations pour Les Papys Pr\u00e9cieux pr\u00e8s de Tours.","breadcrumb":{"@id":"https:\/\/lespapysprecieux.com\/index.php\/contact\/#breadcrumb"},"inLanguage":"fr-FR","potentialAction":[{"@type":"ReadAction","target":["https:\/\/lespapysprecieux.com\/index.php\/contact\/"]}]},{"@type":"BreadcrumbList","@id":"https:\/\/lespapysprecieux.com\/index.php\/contact\/#breadcrumb","itemListElement":[{"@type":"ListItem","position":1,"name":"Accueil","item":"https:\/\/lespapysprecieux.com\/"},{"@type":"ListItem","position":2,"name":"Contact"}]},{"@type":"WebSite","@id":"https:\/\/lespapysprecieux.com\/#website","url":"https:\/\/lespapysprecieux.com\/","name":"Les Papys Pr\u00e9cieux","description":"Une table sinc\u00e8re, un lieu vivant","publisher":{"@id":"https:\/\/lespapysprecieux.com\/#organization"},"potentialAction":[{"@type":"SearchAction","target":{"@type":"EntryPoint","urlTemplate":"https:\/\/lespapysprecieux.com\/?s={search_term_string}"},"query-input":{"@type":"PropertyValueSpecification","valueRequired":true,"valueName":"search_term_string"}}],"inLanguage":"fr-FR"},{"@type":"Organization","@id":"https:\/\/lespapysprecieux.com\/#organization","name":"Les Papys Pr\u00e9cieux","url":"https:\/\/lespapysprecieux.com\/","logo":{"@type":"ImageObject","inLanguage":"fr-FR","@id":"https:\/\/lespapysprecieux.com\/#\/schema\/logo\/image\/","url":"https:\/\/lespapysprecieux.com\/wp-content\/uploads\/2026\/01\/cropped-logo-icone-site.png","contentUrl":"https:\/\/lespapysprecieux.com\/wp-content\/uploads\/2026\/01\/cropped-logo-icone-site.png","width":512,"height":512,"caption":"Les Papys Pr\u00e9cieux"},"image":{"@id":"https:\/\/lespapysprecieux.com\/#\/schema\/logo\/image\/"},"sameAs":["https:\/\/www.facebook.com\/profile.php?id=61575708312964","https:\/\/www.instagram.com\/lespapysprecieux\/"]}]}},"_links":{"self":[{"href":"https:\/\/lespapysprecieux.com\/index.php\/wp-json\/wp\/v2\/pages\/50","targetHints":{"allow":["GET"]}}],"collection":[{"href":"https:\/\/lespapysprecieux.com\/index.php\/wp-json\/wp\/v2\/pages"}],"about":[{"href":"https:\/\/lespapysprecieux.com\/index.php\/wp-json\/wp\/v2\/types\/page"}],"author":[{"embeddable":true,"href":"https:\/\/lespapysprecieux.com\/index.php\/wp-json\/wp\/v2\/users\/1"}],"replies":[{"embeddable":true,"href":"https:\/\/lespapysprecieux.com\/index.php\/wp-json\/wp\/v2\/comments?post=50"}],"version-history":[{"count":27,"href":"https:\/\/lespapysprecieux.com\/index.php\/wp-json\/wp\/v2\/pages\/50\/revisions"}],"predecessor-version":[{"id":1074,"href":"https:\/\/lespapysprecieux.com\/index.php\/wp-json\/wp\/v2\/pages\/50\/revisions\/1074"}],"wp:attachment":[{"href":"https:\/\/lespapysprecieux.com\/index.php\/wp-json\/wp\/v2\/media?parent=50"}],"curies":[{"name":"wp","href":"https:\/\/api.w.org\/{rel}","templated":true}]}}